{"id":2,"date":"2025-04-03T12:07:38","date_gmt":"2025-04-03T10:07:38","guid":{"rendered":"https:\/\/separacja.pl\/news\/?page_id=2"},"modified":"2025-04-04T15:36:37","modified_gmt":"2025-04-04T13:36:37","slug":"aktualnosci","status":"publish","type":"page","link":"https:\/\/separacja.pl\/news\/","title":{"rendered":"Rozw\u00f3d czy separacja &#8211; aktualno\u015bci"},"content":{"rendered":"\n<p><strong>Aktualno\u015bci prawnicze dotycz\u0105ce rozwod\u00f3w i separacji<\/strong><\/p>\n\n\n\n<p><\/p>\n\n\n\n<div class=\"wp-block-columns is-layout-flex wp-container-core-columns-is-layout-28f84493 wp-block-columns-is-layout-flex\">\n<div class=\"wp-block-column is-layout-flow wp-block-column-is-layout-flow\" style=\"flex-basis:80%\"><ul class=\"wp-block-latest-posts__list has-dates wp-block-latest-posts\"><li><a class=\"wp-block-latest-posts__post-title\" href=\"https:\/\/separacja.pl\/news\/separacja-a-prawo-do-odprawy-posmiertnej-istotne-stanowisko-wsa-w-olsztynie\/\">Separacja a prawo do odprawy po\u015bmiertnej \u2013 istotne stanowisko WSA w Olsztynie<\/a><time datetime=\"2026-04-02T11:05:43+02:00\" class=\"wp-block-latest-posts__post-date\">2026-04-02<\/time><div class=\"wp-block-latest-posts__post-excerpt\">W wyroku z 29 stycznia 2026 r., sygn. II SA\/Ol 710\/25, Wojew\u00f3dzki S\u0105d Administracyjnyw Olsztynie odni\u00f3s\u0142 si\u0119 do wp\u0142ywu separacji oraz wy\u0142\u0105czenia ma\u0142\u017conka od dziedziczenia na prawo do odprawy po\u015bmiertnej po zmar\u0142ym \u017co\u0142nierzu zawodowym. Zgodnie z art. 462 ust. 2 ustawy o obronie Ojczyzny, odprawa po\u015bmiertna przys\u0142ugujew pierwszej kolejno\u015bci ma\u0142\u017conkowi,\u2026 <a class=\"wp-block-latest-posts__read-more\" href=\"https:\/\/separacja.pl\/news\/separacja-a-prawo-do-odprawy-posmiertnej-istotne-stanowisko-wsa-w-olsztynie\/\" rel=\"noopener noreferrer\">Dowiedz si\u0119 wi\u0119cej<span class=\"screen-reader-text\">: Separacja a prawo do odprawy po\u015bmiertnej \u2013 istotne stanowisko WSA w Olsztynie<\/span><\/a><\/div><\/li>\n<li><a class=\"wp-block-latest-posts__post-title\" href=\"https:\/\/separacja.pl\/news\/ustanowienie-rozdzielnosci-majatkowej-malzonkow-przez-sad\/\">Ustanowienie rozdzielno\u015bci maj\u0105tkowej ma\u0142\u017conk\u00f3w przez s\u0105d<\/a><time datetime=\"2026-03-04T14:16:21+01:00\" class=\"wp-block-latest-posts__post-date\">2026-03-04<\/time><div class=\"wp-block-latest-posts__post-excerpt\">Postanowieniem z dnia 2 grudnia 2025 r. (sygn. I CSK 3236\/24) S\u0105d Najwy\u017cszy po raz kolejny zaj\u0105\u0142 stanowisko w przedmiocie przes\u0142anek ustanowienia przez s\u0105d rozdzielno\u015bci maj\u0105tkowej ma\u0142\u017ce\u0144skiej, ze szczeg\u00f3lnym uwzgl\u0119dnieniem znaczenia separacji faktycznej ma\u0142\u017conk\u00f3w oraz dopuszczalno\u015bci nadania rozdzielno\u015bci daty wcze\u015bniejszej ni\u017c dzie\u0144 wytoczenia pow\u00f3dztwa. S\u0105d Najwy\u017cszy jednoznacznie wskaza\u0142, \u017ce art.\u2026 <a class=\"wp-block-latest-posts__read-more\" href=\"https:\/\/separacja.pl\/news\/ustanowienie-rozdzielnosci-majatkowej-malzonkow-przez-sad\/\" rel=\"noopener noreferrer\">Dowiedz si\u0119 wi\u0119cej<span class=\"screen-reader-text\">: Ustanowienie rozdzielno\u015bci maj\u0105tkowej ma\u0142\u017conk\u00f3w przez s\u0105d<\/span><\/a><\/div><\/li>\n<li><a class=\"wp-block-latest-posts__post-title\" href=\"https:\/\/separacja.pl\/news\/dlugotrwala-faktyczna-separacja-moze-usprawiedliwiac-ustanowienie-rozdzielnosci-majatkowej-przez-sad\/\">D\u0142ugotrwa\u0142a faktyczna separacja mo\u017ce usprawiedliwia\u0107 ustanowienie rozdzielno\u015bci maj\u0105tkowej przez s\u0105d<\/a><time datetime=\"2026-02-10T13:42:13+01:00\" class=\"wp-block-latest-posts__post-date\">2026-02-10<\/time><div class=\"wp-block-latest-posts__post-excerpt\">Zgodnie z tez\u0105 wyroku S\u0105du Najwy\u017cszego z 24 listopada 2017 r. (I CSK 118\/17), d\u0142ugotrwa\u0142a faktyczna separacja mo\u017ce stanowi\u0107 podstaw\u0119 do ustanowienia rozdzielno\u015bci maj\u0105tkowej przez s\u0105d, je\u017celi prowadzi do sytuacji, w kt\u00f3rej \u201euniemo\u017cliwione jest wsp\u00f3\u0142dzia\u0142anie w zarz\u0105dzaniu maj\u0105tkiem wsp\u00f3lnym, dochodzi do naruszenia lub powa\u017cnego zagro\u017cenia interesu maj\u0105tkowego jednego z ma\u0142\u017conk\u00f3w,\u2026 <a class=\"wp-block-latest-posts__read-more\" href=\"https:\/\/separacja.pl\/news\/dlugotrwala-faktyczna-separacja-moze-usprawiedliwiac-ustanowienie-rozdzielnosci-majatkowej-przez-sad\/\" rel=\"noopener noreferrer\">Dowiedz si\u0119 wi\u0119cej<span class=\"screen-reader-text\">: D\u0142ugotrwa\u0142a faktyczna separacja mo\u017ce usprawiedliwia\u0107 ustanowienie rozdzielno\u015bci maj\u0105tkowej przez s\u0105d<\/span><\/a><\/div><\/li>\n<li><a class=\"wp-block-latest-posts__post-title\" href=\"https:\/\/separacja.pl\/news\/zmiana-terminu-na-zlozenie-oswiadczenia-o-powrocie-do-nazwiska-po-rozwodzie\/\">Zmiana terminu na z\u0142o\u017cenie o\u015bwiadczenia o powrocie do nazwiska po rozwodzie<\/a><time datetime=\"2026-01-08T13:10:59+01:00\" class=\"wp-block-latest-posts__post-date\">2026-01-08<\/time><div class=\"wp-block-latest-posts__post-excerpt\">Z dniem 8 pa\u017adziernika 2025 r. wesz\u0142a w \u017cycie ustawa nowelizuj\u0105ca ustaw\u0119 z dnia 25 lutego 1964 r. \u2013 Kodeks rodzinny i opieku\u0144czy oraz ustaw\u0119 z dnia 17 pa\u017adziernika 2008 r. o zmianie imienia i nazwiska (t.j. Dz.U. z 2023 r. poz. 1528), w zakresie terminu na z\u0142o\u017cenie o\u015bwiadczenia o\u2026 <a class=\"wp-block-latest-posts__read-more\" href=\"https:\/\/separacja.pl\/news\/zmiana-terminu-na-zlozenie-oswiadczenia-o-powrocie-do-nazwiska-po-rozwodzie\/\" rel=\"noopener noreferrer\">Dowiedz si\u0119 wi\u0119cej<span class=\"screen-reader-text\">: Zmiana terminu na z\u0142o\u017cenie o\u015bwiadczenia o powrocie do nazwiska po rozwodzie<\/span><\/a><\/div><\/li>\n<li><a class=\"wp-block-latest-posts__post-title\" href=\"https:\/\/separacja.pl\/news\/gniazdowa-opieka-naprzemienna-rodzicow-rozwiedzionych\/\">\u201eGniazdowa\u201d opieka naprzemienna rodzic\u00f3w rozwiedzionych<\/a><time datetime=\"2025-12-02T14:22:28+01:00\" class=\"wp-block-latest-posts__post-date\">2025-12-02<\/time><div class=\"wp-block-latest-posts__post-excerpt\">Stosownie do art. 5 ust. 2a ustawy z dnia 11 lutego 2016 r. &nbsp;o pomocy pa\u0144stwa w wychowywaniu dzieci (t.j. Dz. U. z 2024 r. poz. 1576 z p\u00f3\u017an. zm.), w sytuacji, gdy dziecko, na mocy orzeczenia s\u0105du, pozostaje pod opiek\u0105 naprzemienn\u0105 obojga rozwiedzionych rodzic\u00f3w, a opieka ta jest sprawowana\u2026 <a class=\"wp-block-latest-posts__read-more\" href=\"https:\/\/separacja.pl\/news\/gniazdowa-opieka-naprzemienna-rodzicow-rozwiedzionych\/\" rel=\"noopener noreferrer\">Dowiedz si\u0119 wi\u0119cej<span class=\"screen-reader-text\">: \u201eGniazdowa\u201d opieka naprzemienna rodzic\u00f3w rozwiedzionych<\/span><\/a><\/div><\/li>\n<li><a class=\"wp-block-latest-posts__post-title\" href=\"https:\/\/separacja.pl\/news\/opieka-naprzemienna-w-swietle-orzeczenia-wsa-z-dnia-21-sierpnia-2025-r\/\">Opieka naprzemienna w \u015bwietle orzeczenia WSA z dnia 21 sierpnia 2025 r.<\/a><time datetime=\"2025-11-05T11:57:10+01:00\" class=\"wp-block-latest-posts__post-date\">2025-11-05<\/time><div class=\"wp-block-latest-posts__post-excerpt\">W dniu 21 sierpnia 2025 r., Wojew\u00f3dzki S\u0105d Administracyjny w Poznaniu wyda\u0142 nieprawomocny wyrok o sygnaturze IV SA\/Po 478\/25, kt\u00f3ry odnosi si\u0119 do zasadno\u015bci wyp\u0142aty \u015bwiadczenia wychowawczego rodzicom, szczeg\u00f3lnie w kontek\u015bcie opieki naprzemiennej nad dzieckiem. Wyrok ten ma istotne znaczenie dla rodzin, w kt\u00f3rych opieka nad dzieckiem jest dzielona pomi\u0119dzy\u2026 <a class=\"wp-block-latest-posts__read-more\" href=\"https:\/\/separacja.pl\/news\/opieka-naprzemienna-w-swietle-orzeczenia-wsa-z-dnia-21-sierpnia-2025-r\/\" rel=\"noopener noreferrer\">Dowiedz si\u0119 wi\u0119cej<span class=\"screen-reader-text\">: Opieka naprzemienna w \u015bwietle orzeczenia WSA z dnia 21 sierpnia 2025 r.<\/span><\/a><\/div><\/li>\n<li><a class=\"wp-block-latest-posts__post-title\" href=\"https:\/\/separacja.pl\/news\/rozwod-z-obywatelem-turcji\/\">Rozw\u00f3d z obywatelem Turcji<\/a><time datetime=\"2025-10-15T15:53:37+02:00\" class=\"wp-block-latest-posts__post-date\">2025-10-15<\/time><div class=\"wp-block-latest-posts__post-excerpt\">Rozw\u00f3d, jest jedn\u0105 z wa\u017cniejszych instytucji prawa rodzinnego polegaj\u0105c\u0105 na formalnym zako\u0144czeniu ma\u0142\u017ce\u0144stwa przez s\u0105d na wniosek jednego lub obojga ma\u0142\u017conk\u00f3w. Niew\u0105tpliwie, rozw\u00f3d przeprowadzony pomi\u0119dzy obywatelami r\u00f3\u017cnych pa\u0144stw, w tym przypadku mi\u0119dzy obywatelami Polski oraz Turcji mo\u017ce stanowi\u0107 wyzwanie, natomiast po zaznajomieniu si\u0119 z podstawowymi procedurami, proces mo\u017ce przebiec w\u2026 <a class=\"wp-block-latest-posts__read-more\" href=\"https:\/\/separacja.pl\/news\/rozwod-z-obywatelem-turcji\/\" rel=\"noopener noreferrer\">Dowiedz si\u0119 wi\u0119cej<span class=\"screen-reader-text\">: Rozw\u00f3d z obywatelem Turcji<\/span><\/a><\/div><\/li>\n<li><a class=\"wp-block-latest-posts__post-title\" href=\"https:\/\/separacja.pl\/news\/prostsza-procedura-zmiany-nazwiska-po-rozwodzie-2\/\">Prostsza procedura zmiany nazwiska po rozwodzie<\/a><time datetime=\"2025-09-01T14:30:57+02:00\" class=\"wp-block-latest-posts__post-date\">2025-09-01<\/time><div class=\"wp-block-latest-posts__post-excerpt\">Ustawa z dnia 4 czerwca 2025 roku,&nbsp;podpisana przez&nbsp;Prezydenta 3 lipca 2025 roku (wej\u015bcie w \u017cycie: 8.10.2025), wprowadza korzystn\u0105 dla os\u00f3b rozwiedzionych zmian\u0119 w Kodeksie rodzinnym i opieku\u0144czym (Dz. U. z 2023 r. poz. 2809, dalej: KRiO). Nowelizacja dotyczy art. 59 KRiO i wyd\u0142u\u017ca termin, w kt\u00f3rym osoba&nbsp;rozwiedziona mo\u017ce&nbsp;powr\u00f3ci\u0107 do nazwiska\u2026 <a class=\"wp-block-latest-posts__read-more\" href=\"https:\/\/separacja.pl\/news\/prostsza-procedura-zmiany-nazwiska-po-rozwodzie-2\/\" rel=\"noopener noreferrer\">Dowiedz si\u0119 wi\u0119cej<span class=\"screen-reader-text\">: Prostsza procedura zmiany nazwiska po rozwodzie<\/span><\/a><\/div><\/li>\n<li><a class=\"wp-block-latest-posts__post-title\" href=\"https:\/\/separacja.pl\/news\/prostsza-procedura-zmiany-nazwiska-po-rozwodzie\/\">Prostsza procedura zmiany nazwiska po rozwodzie<\/a><time datetime=\"2025-08-13T12:48:20+02:00\" class=\"wp-block-latest-posts__post-date\">2025-08-13<\/time><div class=\"wp-block-latest-posts__post-excerpt\">Ustawa z dnia 4 czerwca 2025 roku,&nbsp;podpisana przez&nbsp;Prezydenta 3 lipca 2025 roku (wej\u015bcie w \u017cycie: 8.10.2025), wprowadza korzystn\u0105 dla os\u00f3b rozwiedzionych zmian\u0119 w Kodeksie rodzinnym i opieku\u0144czym (Dz. U. z 2023 r. poz. 2809, dalej: KRiO). Nowelizacja dotyczy art. 59 KRiO i wyd\u0142u\u017ca termin, w kt\u00f3rym osoba&nbsp;rozwiedziona mo\u017ce&nbsp;powr\u00f3ci\u0107 do nazwiska\u2026 <a class=\"wp-block-latest-posts__read-more\" href=\"https:\/\/separacja.pl\/news\/prostsza-procedura-zmiany-nazwiska-po-rozwodzie\/\" rel=\"noopener noreferrer\">Dowiedz si\u0119 wi\u0119cej<span class=\"screen-reader-text\">: Prostsza procedura zmiany nazwiska po rozwodzie<\/span><\/a><\/div><\/li>\n<li><a class=\"wp-block-latest-posts__post-title\" href=\"https:\/\/separacja.pl\/news\/renta-rodzinna-po-rozwodzie\/\">Renta rodzinna po rozwodzie<\/a><time datetime=\"2025-07-22T12:17:31+02:00\" class=\"wp-block-latest-posts__post-date\">2025-07-22<\/time><div class=\"wp-block-latest-posts__post-excerpt\">Zgodnie z postanowieniem S\u0105du Najwy\u017cszego z dnia 11 marca 2025 r. (III USK 326\/23) obowi\u0105zek alimentacyjny z art. 60 k.r.o. jest ograniczony czasowo i ten aspekt ma przede wszystkim istotne znaczenie. Tym samym, gdy zobowi\u0105zanym jest ma\u0142\u017conek rozwiedziony, kt\u00f3ry nie zosta\u0142 uznany za winnego rozk\u0142adu po\u017cycia, obowi\u0105zek ten wygasa w\u2026 <a class=\"wp-block-latest-posts__read-more\" href=\"https:\/\/separacja.pl\/news\/renta-rodzinna-po-rozwodzie\/\" rel=\"noopener noreferrer\">Dowiedz si\u0119 wi\u0119cej<span class=\"screen-reader-text\">: Renta rodzinna po rozwodzie<\/span><\/a><\/div><\/li>\n<li><a class=\"wp-block-latest-posts__post-title\" href=\"https:\/\/separacja.pl\/news\/rozwod-pozasadowy\/\">Rozw\u00f3d pozas\u0105dowy<\/a><time datetime=\"2025-06-03T12:52:04+02:00\" class=\"wp-block-latest-posts__post-date\">2025-06-03<\/time><div class=\"wp-block-latest-posts__post-excerpt\">Zgodnie z projektem Ministerstwa Sprawiedliwo\u015bci z 12 maja 2025 r. (Nr wykazu Rz\u0105dowego Centrum Legislacji: UDER24) post\u0119powania o rozwi\u0105zanie ma\u0142\u017ce\u0144stwa w Polsce czeka rewolucyjna zmiana.&nbsp; Projektodawca proponuje bowiem wprowadzenie rozwi\u0105zania pozwalaj\u0105cego na uzyskanie przez ma\u0142\u017conk\u00f3w rozwi\u0105zania w drodze z\u0142o\u017cenia zgodnych o\u015bwiadcze\u0144 przed kierownikiem Urz\u0119du Stanu Cywilnego lub przed konsulem RP\u2026 <a class=\"wp-block-latest-posts__read-more\" href=\"https:\/\/separacja.pl\/news\/rozwod-pozasadowy\/\" rel=\"noopener noreferrer\">Dowiedz si\u0119 wi\u0119cej<span class=\"screen-reader-text\">: Rozw\u00f3d pozas\u0105dowy<\/span><\/a><\/div><\/li>\n<li><a class=\"wp-block-latest-posts__post-title\" href=\"https:\/\/separacja.pl\/news\/renta-rodzinna-po-separacji\/\">Renta rodzinna po separacji<\/a><time datetime=\"2025-05-30T13:24:18+02:00\" class=\"wp-block-latest-posts__post-date\">2025-05-30<\/time><div class=\"wp-block-latest-posts__post-excerpt\">Zgodnie z postanowieniem S\u0105du Najwy\u017cszego z dnia 12 lipca 2023 r. (I USK 316\/22) &nbsp;orzeczenie s\u0105dowe o separacji wyklucza prawo wdowy do renty rodzinnej na podstawie art. 70 ust. 3 u.e.r.f.u.s., chyba \u017ce mia\u0142a ona w dniu \u015bmierci m\u0119\u017ca prawo do aliment\u00f3w z jego strony ustalone wyrokiem lub ugod\u0105 s\u0105dow\u0105.\u2026 <a class=\"wp-block-latest-posts__read-more\" href=\"https:\/\/separacja.pl\/news\/renta-rodzinna-po-separacji\/\" rel=\"noopener noreferrer\">Dowiedz si\u0119 wi\u0119cej<span class=\"screen-reader-text\">: Renta rodzinna po separacji<\/span><\/a><\/div><\/li>\n<li><a class=\"wp-block-latest-posts__post-title\" href=\"https:\/\/separacja.pl\/news\/czy-umowa-miedzy-polska-rzeczapospolita-ludowa-a-republika-francuska-o-prawie-wlasciwym-jurysdykcji-i-wykonywaniu-orzeczen-w-zakresie-prawa-osobowego-i-rodzinnego-sporzadzona-w-warszawie-dnia-5\/\">Czy umowa mi\u0119dzy polsk\u0105 rzecz\u0105pospolit\u0105 ludow\u0105 a republik\u0105 francusk\u0105 o prawie w\u0142a\u015bciwym, jurysdykcji i wykonywaniu orzecze\u0144 w zakresie prawa osobowego i rodzinnego\u00a0 sporz\u0105dzon\u0105 w warszawie dnia 5 kwietnia 1967 r nadal obowi\u0105zuje w sprawach rozwodowych ?<\/a><time datetime=\"2025-04-28T21:56:34+02:00\" class=\"wp-block-latest-posts__post-date\">2025-04-28<\/time><div class=\"wp-block-latest-posts__post-excerpt\">Zgodnie z artyku\u0142&nbsp; 94 rozporz\u0105dzenia rady (UE) 2019\/1111 z dnia 25 czerwca 2019 r. w sprawie jurysdykcji, uznawania i wykonywania orzecze\u0144 w sprawach ma\u0142\u017ce\u0144skich i w sprawach dotycz\u0105cych odpowiedzialno\u015bci rodzicielskiej oraz w sprawie uprowadzenia dziecka za granic\u0119 rozporz\u0105dzenie to zast\u0119pi\u0142o dla pa\u0144stw cz\u0142onkowskich konwencje istniej\u0105ce w chwili wej\u015bcia w \u017cycie\u2026 <a class=\"wp-block-latest-posts__read-more\" href=\"https:\/\/separacja.pl\/news\/czy-umowa-miedzy-polska-rzeczapospolita-ludowa-a-republika-francuska-o-prawie-wlasciwym-jurysdykcji-i-wykonywaniu-orzeczen-w-zakresie-prawa-osobowego-i-rodzinnego-sporzadzona-w-warszawie-dnia-5\/\" rel=\"noopener noreferrer\">Dowiedz si\u0119 wi\u0119cej<span class=\"screen-reader-text\">: Czy umowa mi\u0119dzy polsk\u0105 rzecz\u0105pospolit\u0105 ludow\u0105 a republik\u0105 francusk\u0105 o prawie w\u0142a\u015bciwym, jurysdykcji i wykonywaniu orzecze\u0144 w zakresie prawa osobowego i rodzinnego\u00a0 sporz\u0105dzon\u0105 w warszawie dnia 5 kwietnia 1967 r nadal obowi\u0105zuje w sprawach rozwodowych ?<\/span><\/a><\/div><\/li>\n<li><a class=\"wp-block-latest-posts__post-title\" href=\"https:\/\/separacja.pl\/news\/powrot-do-nazwiska-panienskiego-po-rozwodzie\/\">Powr\u00f3t do nazwiska panie\u0144skiego po rozwodzie<\/a><time datetime=\"2025-03-03T15:04:00+01:00\" class=\"wp-block-latest-posts__post-date\">2025-03-03<\/time><div class=\"wp-block-latest-posts__post-excerpt\">Zgodnie z wyrokiem S\u0105du Najwy\u017cszego z dnia 23 wrze\u015bnia 1974 r. (III CRN 188\/74) art. 59 k.r.o. przyznaje rozwiedzionej \u017conie uprawnienie powrotu do nazwiska, kt\u00f3re nosi\u0142a przed zawarciem ma\u0142\u017ce\u0144stwa. O\u015bwiadczenie w tym przedmiocie mo\u017ce jednak ona z\u0142o\u017cy\u0107 wy\u0142\u0105cznie przed kierownikiem urz\u0119du stanu cywilnego i w terminie trzech miesi\u0119cy od chwili\u2026 <a class=\"wp-block-latest-posts__read-more\" href=\"https:\/\/separacja.pl\/news\/powrot-do-nazwiska-panienskiego-po-rozwodzie\/\" rel=\"noopener noreferrer\">Dowiedz si\u0119 wi\u0119cej<span class=\"screen-reader-text\">: Powr\u00f3t do nazwiska panie\u0144skiego po rozwodzie<\/span><\/a><\/div><\/li>\n<li><a class=\"wp-block-latest-posts__post-title\" href=\"https:\/\/separacja.pl\/news\/opiniodawcze-zespoly-sadowych-specjalistow-ozss\/\">Opiniodawcze zespo\u0142y s\u0105dowych specjalist\u00f3w (OZSS)<\/a><time datetime=\"2025-02-04T15:03:00+01:00\" class=\"wp-block-latest-posts__post-date\">2025-02-04<\/time><div class=\"wp-block-latest-posts__post-excerpt\">Zgodnie z ustaw\u0105 z dnia 5 sierpnia 2015 r. o opiniodawczych zespo\u0142ach s\u0105dowych specjalist\u00f3w w s\u0105dach okr\u0119gowych dzia\u0142aj\u0105 opiniodawcze zespo\u0142y s\u0105dowych specjalist\u00f3w, zwane dalej &#8222;zespo\u0142ami&#8221;, kt\u00f3rych zadaniem jest sporz\u0105dzanie, na zlecenie s\u0105du lub prokuratora, opinii w sprawach rodzinnych i opieku\u0144czych oraz w sprawach nieletnich, na podstawie przeprowadzonych bada\u0144 psychologicznych, pedagogicznych\u2026 <a class=\"wp-block-latest-posts__read-more\" href=\"https:\/\/separacja.pl\/news\/opiniodawcze-zespoly-sadowych-specjalistow-ozss\/\" rel=\"noopener noreferrer\">Dowiedz si\u0119 wi\u0119cej<span class=\"screen-reader-text\">: Opiniodawcze zespo\u0142y s\u0105dowych specjalist\u00f3w (OZSS)<\/span><\/a><\/div><\/li>\n<li><a class=\"wp-block-latest-posts__post-title\" href=\"https:\/\/separacja.pl\/news\/zeznania-w-sprawie-o-rozwod-a-pomowienie\/\">Zeznania w sprawie o rozw\u00f3d a pom\u00f3wienie<\/a><time datetime=\"2025-01-01T15:02:00+01:00\" class=\"wp-block-latest-posts__post-date\">2025-01-01<\/time><div class=\"wp-block-latest-posts__post-excerpt\">W\u0142adys\u0142aw \u017b. wni\u00f3s\u0142 przeciwko Cezaremu T. pozew o stwierdzenie naruszenia d\u00f3br osobistych i znies\u0142awienie go bezpodstawnym oskar\u017ceniami o pope\u0142nienie przest\u0119pstw, stwierdzenie bezpodstawno\u015bci o\u015bwiadczenia o rzekomym powiadomieniu odpowiednich organ\u00f3w o pope\u0142nionych przest\u0119pstwach, zas\u0105dzenie od pozwanego na jego rzecz 10.000 z\u0142otych z tytu\u0142u zado\u015b\u0107uczynienia za naruszenie d\u00f3br osobistych i znies\u0142awienie go oszczerczym\u2026 <a class=\"wp-block-latest-posts__read-more\" href=\"https:\/\/separacja.pl\/news\/zeznania-w-sprawie-o-rozwod-a-pomowienie\/\" rel=\"noopener noreferrer\">Dowiedz si\u0119 wi\u0119cej<span class=\"screen-reader-text\">: Zeznania w sprawie o rozw\u00f3d a pom\u00f3wienie<\/span><\/a><\/div><\/li>\n<li><a class=\"wp-block-latest-posts__post-title\" href=\"https:\/\/separacja.pl\/news\/dalszy-przebieg-procedury-niebieskie-karty\/\">Dalszy przebieg procedury \u201eNiebieskie karty\u201d<\/a><time datetime=\"2024-12-04T15:00:00+01:00\" class=\"wp-block-latest-posts__post-date\">2024-12-04<\/time><div class=\"wp-block-latest-posts__post-excerpt\">Jak zosta\u0142o to ju\u017c opisane w listopadowej aktualno\u015bci \u2013 wszcz\u0119cie procedury \u201eNiebieskie karty\u201d nast\u0119puje poprzez wype\u0142nienie formularza \u201eNiebieska Karta \u2013 A\u201d przez osob\u0119, kt\u00f3ra w trakcie dzia\u0142a\u0144 s\u0142u\u017cbowych lub zawodowych powe\u017amie podejrzenie, \u017ce w rodzinie mo\u017ce dochodzi\u0107 do przemocy, lub gdy otrzyma ona zg\u0142oszenie od cz\u0142onka rodziny albo \u015bwiadka takiego\u2026 <a class=\"wp-block-latest-posts__read-more\" href=\"https:\/\/separacja.pl\/news\/dalszy-przebieg-procedury-niebieskie-karty\/\" rel=\"noopener noreferrer\">Dowiedz si\u0119 wi\u0119cej<span class=\"screen-reader-text\">: Dalszy przebieg procedury \u201eNiebieskie karty\u201d<\/span><\/a><\/div><\/li>\n<li><a class=\"wp-block-latest-posts__post-title\" href=\"https:\/\/separacja.pl\/news\/wszczecie-procedury-niebieskie-karty\/\">Wszcz\u0119cie procedury &#8222;Niebieskie karty&#8221;<\/a><time datetime=\"2024-11-04T14:59:00+01:00\" class=\"wp-block-latest-posts__post-date\">2024-11-04<\/time><div class=\"wp-block-latest-posts__post-excerpt\">Procedura &#8222;Niebieskie Karty&#8221; zosta\u0142a wprowadzona w Polsce w 1998 roku w celu wsparcia os\u00f3b do\u015bwiadczaj\u0105cych przemocy w rodzicie i obejmuje szereg czynno\u015bci podejmowanych w zwi\u0105zku z powzi\u0119ciem uzasadnionego podejrzenia co do zaistnienia&nbsp;przemocy domowej. Szczeg\u00f3\u0142owy przebieg procedury reguluje Rozporz\u0105dzenie Rady Ministr\u00f3w z dnia 6 wrze\u015bnia 2023 r. w sprawie procedury &#8222;Niebieskie\u2026 <a class=\"wp-block-latest-posts__read-more\" href=\"https:\/\/separacja.pl\/news\/wszczecie-procedury-niebieskie-karty\/\" rel=\"noopener noreferrer\">Dowiedz si\u0119 wi\u0119cej<span class=\"screen-reader-text\">: Wszcz\u0119cie procedury &#8222;Niebieskie karty&#8221;<\/span><\/a><\/div><\/li>\n<li><a class=\"wp-block-latest-posts__post-title\" href=\"https:\/\/separacja.pl\/news\/cofniecie-w-apelacji-zgody-malzonka-na-pominiecie-w-orzeczeniu-o-separacji-rozstrzygniecia-o-winie\/\">Cofni\u0119cie w apelacji zgody ma\u0142\u017conka na pomini\u0119cie w orzeczeniu o separacji rozstrzygni\u0119cia o winie<\/a><time datetime=\"2024-10-04T14:58:00+02:00\" class=\"wp-block-latest-posts__post-date\">2024-10-04<\/time><div class=\"wp-block-latest-posts__post-excerpt\">W razie cofni\u0119cia w apelacji zgody ma\u0142\u017conka na pomini\u0119cie w orzeczeniu o separacji rozstrzygni\u0119cia o winie powinien zosta\u0107 zastosowany art. 5672\u00a0\u00a7 2 k.p.c. (postanowienie S\u0105du Apelacyjnego w Katowicach z dnia\u00a06 grudnia 2000 r. (I ACa 842\/00). Oznacza to \u017ce post\u0119powanie umarza si\u0119. Nie stosuje si\u0119 przy tym art. 512 \u00a7\u2026 <a class=\"wp-block-latest-posts__read-more\" href=\"https:\/\/separacja.pl\/news\/cofniecie-w-apelacji-zgody-malzonka-na-pominiecie-w-orzeczeniu-o-separacji-rozstrzygniecia-o-winie\/\" rel=\"noopener noreferrer\">Dowiedz si\u0119 wi\u0119cej<span class=\"screen-reader-text\">: Cofni\u0119cie w apelacji zgody ma\u0142\u017conka na pomini\u0119cie w orzeczeniu o separacji rozstrzygni\u0119cia o winie<\/span><\/a><\/div><\/li>\n<li><a class=\"wp-block-latest-posts__post-title\" href=\"https:\/\/separacja.pl\/news\/separacja-a-ustanowienie-rozdzielnosci-majatkowej-przez-sad\/\">Separacja a ustanowienie rozdzielno\u015bci maj\u0105tkowej przez s\u0105d<\/a><time datetime=\"2024-09-03T14:56:00+02:00\" class=\"wp-block-latest-posts__post-date\">2024-09-03<\/time><div class=\"wp-block-latest-posts__post-excerpt\">Separacja jest odr\u0119bn\u0105 instytucj\u0105 ustanowienia przez s\u0105d rozdzielno\u015bci maj\u0105tkowej (art. 52 \u00a7 1 kro). Separacja mo\u017ce by\u0107 stosowana w przypadku rozk\u0142adu po\u017cycia ma\u0142\u017conk\u00f3w. Natomiast zniesienie wsp\u00f3lno\u015bci maj\u0105tkowej jest fragmentarycznym rozwi\u0105zaniem w sferze stosunk\u00f3w prawno-maj\u0105tkowych Jednym z wa\u017cnych powod\u00f3w do \u017c\u0105dania zniesienia wsp\u00f3lno\u015bci maj\u0105tkowej jest separacja faktyczna ma\u0142\u017conk\u00f3w umo\u017cliwiaj\u0105ca ma\u0142\u017conkom wsp\u00f3\u0142dzia\u0142anie\u2026 <a class=\"wp-block-latest-posts__read-more\" href=\"https:\/\/separacja.pl\/news\/separacja-a-ustanowienie-rozdzielnosci-majatkowej-przez-sad\/\" rel=\"noopener noreferrer\">Dowiedz si\u0119 wi\u0119cej<span class=\"screen-reader-text\">: Separacja a ustanowienie rozdzielno\u015bci maj\u0105tkowej przez s\u0105d<\/span><\/a><\/div><\/li>\n<li><a class=\"wp-block-latest-posts__post-title\" href=\"https:\/\/separacja.pl\/news\/rozwod-z-obywatelem-rosji\/\">Rozw\u00f3d z obywatelem Rosji<\/a><time datetime=\"2024-08-04T14:55:00+02:00\" class=\"wp-block-latest-posts__post-date\">2024-08-04<\/time><div class=\"wp-block-latest-posts__post-excerpt\">Rozw\u00f3d os\u00f3b posiadaj\u0105cych obywatelstwo r\u00f3\u017cnych pa\u0144stw zalicza si\u0119 do kategorii spraw z elementem obcym, co oznacza, i\u017c prawo, kt\u00f3re b\u0119dzie mia\u0142o do niego zastosowanie, okre\u015blaj\u0105 przepisy prawa mi\u0119dzynarodowego prywatnego. Dla spraw rozwodowych mi\u0119dzy obywatelami Polski i Rosji w\u0142a\u015bciwe przepisy prawa mi\u0119dzynarodowego prywatnego odnajdziemy w Umowie mi\u0119dzy Rzecz\u0105pospolit\u0105 Polsk\u0105 a Federacj\u0105\u2026 <a class=\"wp-block-latest-posts__read-more\" href=\"https:\/\/separacja.pl\/news\/rozwod-z-obywatelem-rosji\/\" rel=\"noopener noreferrer\">Dowiedz si\u0119 wi\u0119cej<span class=\"screen-reader-text\">: Rozw\u00f3d z obywatelem Rosji<\/span><\/a><\/div><\/li>\n<li><a class=\"wp-block-latest-posts__post-title\" href=\"https:\/\/separacja.pl\/news\/rozwod-z-obywatelem-ukrainy\/\">Rozw\u00f3d z obywatelem Ukrainy<\/a><time datetime=\"2024-07-04T14:52:00+02:00\" class=\"wp-block-latest-posts__post-date\">2024-07-04<\/time><div class=\"wp-block-latest-posts__post-excerpt\">Rozw\u00f3d obywateli r\u00f3\u017cnych pa\u0144stw nale\u017cy do kategorii spraw z elementem obcym \u2013 o tym, kt\u00f3rego pa\u0144stwa prawo znajdzie do nich zastosowanie, decyduj\u0105 przepisy prawa mi\u0119dzynarodowego prywatnego. W przypadku rozwod\u00f3w mi\u0119dzy obywatelami Polski i Ukrainy w\u0142a\u015bciwe przepisy prawa mi\u0119dzynarodowego prywatnego s\u0105 zawarte w Umowie mi\u0119dzy Rzecz\u0105pospolit\u0105 Polsk\u0105 a Ukrain\u0105 o pomocy\u2026 <a class=\"wp-block-latest-posts__read-more\" href=\"https:\/\/separacja.pl\/news\/rozwod-z-obywatelem-ukrainy\/\" rel=\"noopener noreferrer\">Dowiedz si\u0119 wi\u0119cej<span class=\"screen-reader-text\">: Rozw\u00f3d z obywatelem Ukrainy<\/span><\/a><\/div><\/li>\n<li><a class=\"wp-block-latest-posts__post-title\" href=\"https:\/\/separacja.pl\/news\/pelnomocnik-w-sprawie-o-rozwod\/\">Pe\u0142nomocnik w sprawie o rozw\u00f3d<\/a><time datetime=\"2024-06-04T14:51:00+02:00\" class=\"wp-block-latest-posts__post-date\">2024-06-04<\/time><div class=\"wp-block-latest-posts__post-excerpt\">Zgodnie z uchwa\u0142\u0105 S\u0105du Najwy\u017cszego z dnia 25 lipca 1978 r. (III CZP 43\/78) w sprawie o rozw\u00f3d pe\u0142nomocnikiem procesowym mog\u0105 by\u0107 pr\u00f3cz adwokata (obecnie te\u017c radcy prawnego) tylko rodzice, rodze\u0144stwo lub zst\u0119pni, strony oraz osoby pozostaj\u0105ce ze stron\u0105 w stosunku przysposobienia, je\u017celi udzielono im pe\u0142nomocnictwa do prowadzenia danej sprawy\u2026 <a class=\"wp-block-latest-posts__read-more\" href=\"https:\/\/separacja.pl\/news\/pelnomocnik-w-sprawie-o-rozwod\/\" rel=\"noopener noreferrer\">Dowiedz si\u0119 wi\u0119cej<span class=\"screen-reader-text\">: Pe\u0142nomocnik w sprawie o rozw\u00f3d<\/span><\/a><\/div><\/li>\n<li><a class=\"wp-block-latest-posts__post-title\" href=\"https:\/\/separacja.pl\/news\/wspolne-pozycie-po-orzeczeniu-separacji\/\">Wsp\u00f3lne po\u017cycie po orzeczeniu separacji<\/a><time datetime=\"2024-05-04T14:50:00+02:00\" class=\"wp-block-latest-posts__post-date\">2024-05-04<\/time><div class=\"wp-block-latest-posts__post-excerpt\">Zgodnie z wyrokiem S\u0105du S\u0105du Apelacyjnego w Lublinie z dnia 21 listopada 2019 r. (III AUa 912\/18) Separacja orzeczona przez s\u0105d mo\u017ce zako\u0144czy\u0107 si\u0119 w wyniku rozwi\u0105zania ma\u0142\u017ce\u0144stwa przez rozw\u00f3d, uniewa\u017cnienia ma\u0142\u017ce\u0144stwa albo zniesienia separacji orzeczeniem s\u0105du (art. 616 \u00a7 1 k.r.o.). Orzeczenie to ma charakter konstytutywny, wobec czego skutki\u2026 <a class=\"wp-block-latest-posts__read-more\" href=\"https:\/\/separacja.pl\/news\/wspolne-pozycie-po-orzeczeniu-separacji\/\" rel=\"noopener noreferrer\">Dowiedz si\u0119 wi\u0119cej<span class=\"screen-reader-text\">: Wsp\u00f3lne po\u017cycie po orzeczeniu separacji<\/span><\/a><\/div><\/li>\n<li><a class=\"wp-block-latest-posts__post-title\" href=\"https:\/\/separacja.pl\/news\/rozwod-z-obywatelem-bialorusi\/\">Rozw\u00f3d z obywatelem Bia\u0142orusi<\/a><time datetime=\"2024-04-01T11:48:00+02:00\" class=\"wp-block-latest-posts__post-date\">2024-04-01<\/time><div class=\"wp-block-latest-posts__post-excerpt\">Rozw\u00f3d obywateli r\u00f3\u017cnych pa\u0144stw nale\u017cy do kategorii spraw z elementem obcym. Oznacza to, i\u017c przed rozstrzygni\u0119ciem takiej sprawy nale\u017cy oceni\u0107, prawo kt\u00f3rego pa\u0144stwa powinno zosta\u0107 do niej zastosowane. Odpowiedzi na pytanie o prawo w\u0142a\u015bciwe dostarczaj\u0105 przepisy prawa prywatnego mi\u0119dzynarodowego. Polska jest stron\u0105 licznych dwustronnych um\u00f3w mi\u0119dzynarodowych, kt\u00f3re zawieraj\u0105 takowe przepisy\u2026 <a class=\"wp-block-latest-posts__read-more\" href=\"https:\/\/separacja.pl\/news\/rozwod-z-obywatelem-bialorusi\/\" rel=\"noopener noreferrer\">Dowiedz si\u0119 wi\u0119cej<span class=\"screen-reader-text\">: Rozw\u00f3d z obywatelem Bia\u0142orusi<\/span><\/a><\/div><\/li>\n<li><a class=\"wp-block-latest-posts__post-title\" href=\"https:\/\/separacja.pl\/news\/wina-za-rozklad-pozycia-a-odpowiedzialnosc-wobec-zus\/\">Wina za rozk\u0142ad po\u017cycia a odpowiedzialno\u015b\u0107 wobec ZUS<\/a><time datetime=\"2024-03-01T11:46:00+01:00\" class=\"wp-block-latest-posts__post-date\">2024-03-01<\/time><div class=\"wp-block-latest-posts__post-excerpt\">Zgodnie z wyrokiem S\u0105du Apelacyjnego w Szczecinie\u00a0z dnia\u00a024 maja 2018\u00a0r. (III AUa 453\/17) zupe\u0142ny i trwa\u0142y rozk\u0142ad po\u017cycia mi\u0119dzy ma\u0142\u017conkami, w my\u015bl art. 56 \u00a7 1 Kodeksu rodzinnego i opieku\u0144czego, stanowi przes\u0142ank\u0119 do rozwi\u0105zania przez s\u0105d ma\u0142\u017ce\u0144stwa przez rozw\u00f3d, nie wp\u0142ywa natomiast na kwesti\u0119 odpowiedzialno\u015bci maj\u0105tkowej za zobowi\u0105zania sk\u0142adkowe wobec\u2026 <a class=\"wp-block-latest-posts__read-more\" href=\"https:\/\/separacja.pl\/news\/wina-za-rozklad-pozycia-a-odpowiedzialnosc-wobec-zus\/\" rel=\"noopener noreferrer\">Dowiedz si\u0119 wi\u0119cej<span class=\"screen-reader-text\">: Wina za rozk\u0142ad po\u017cycia a odpowiedzialno\u015b\u0107 wobec ZUS<\/span><\/a><\/div><\/li>\n<li><a class=\"wp-block-latest-posts__post-title\" href=\"https:\/\/separacja.pl\/news\/uznawanie-zagranicznych-wyrokow-rozwodowych\/\">Uznawanie zagranicznych wyrok\u00f3w rozwodowych<\/a><time datetime=\"2024-02-02T11:44:00+01:00\" class=\"wp-block-latest-posts__post-date\">2024-02-02<\/time><div class=\"wp-block-latest-posts__post-excerpt\">Jednym z problem\u00f3w zwi\u0105zanych z emigracj\u0105 jest kwestia rozwodu poza granicami Polski. Pytania budzi\u0107 mo\u017ce kwestia czy orzeczenie rozwodowe wydane za granic\u0105 b\u0119dzie wywiera\u0107 skutki w polskim porz\u0105dku prawnym. Pytania te nie dotycz\u0105 tylko polskiego porz\u0105dku prawnego, ale wszystkich pa\u0144stw \u015bwiata. Jednak z uwagi na swobod\u0119 przep\u0142ywu os\u00f3b, problem ten\u2026 <a class=\"wp-block-latest-posts__read-more\" href=\"https:\/\/separacja.pl\/news\/uznawanie-zagranicznych-wyrokow-rozwodowych\/\" rel=\"noopener noreferrer\">Dowiedz si\u0119 wi\u0119cej<span class=\"screen-reader-text\">: Uznawanie zagranicznych wyrok\u00f3w rozwodowych<\/span><\/a><\/div><\/li>\n<li><a class=\"wp-block-latest-posts__post-title\" href=\"https:\/\/separacja.pl\/news\/rozwody-z-obywatelami-czech-i-slowacji\/\">Rozwody z obywatelami Czech i S\u0142owacji<\/a><time datetime=\"2024-01-04T11:43:00+01:00\" class=\"wp-block-latest-posts__post-date\">2024-01-04<\/time><div class=\"wp-block-latest-posts__post-excerpt\">Zgodnie z umow\u0105 mi\u0119dzy Polsk\u0105 Rzecz\u0105pospolit\u0105 Ludow\u0105 a Czechos\u0142owack\u0105 Republik\u0105 Socjalistyczn\u0105 o pomocy prawnej i stosunkach prawnych w sprawach cywilnych, rodzinnych, pracowniczych i karnych z dnia 21 grudnia 1987 rozw\u00f3d podlega prawu tej Umawiaj\u0105cej si\u0119 Strony, kt\u00f3rej obywatelami s\u0105 ma\u0142\u017conkowie w chwili wszcz\u0119cia post\u0119powania. Ww. sprawach o rozw\u00f3d w\u0142a\u015bciwy jest\u2026 <a class=\"wp-block-latest-posts__read-more\" href=\"https:\/\/separacja.pl\/news\/rozwody-z-obywatelami-czech-i-slowacji\/\" rel=\"noopener noreferrer\">Dowiedz si\u0119 wi\u0119cej<span class=\"screen-reader-text\">: Rozwody z obywatelami Czech i S\u0142owacji<\/span><\/a><\/div><\/li>\n<li><a class=\"wp-block-latest-posts__post-title\" href=\"https:\/\/separacja.pl\/news\/rozstrzygniecia-o-wspolnym-mieszkaniu\/\">Rozstrzygni\u0119cia o wsp\u00f3lnym mieszkaniu<\/a><time datetime=\"2023-12-04T11:41:00+01:00\" class=\"wp-block-latest-posts__post-date\">2023-12-04<\/time><div class=\"wp-block-latest-posts__post-excerpt\">W wyroku z dnia 29 maja 2023 r. (I ACa 42\/22)S\u0105d Apelacyjny w Krakowie stwierdzi\u0142, \u017ce w art. 58 \u00a7 2 k.r.o. przewidziano trzy rodzaje rozstrzygni\u0119\u0107 o wsp\u00f3lnym mieszkaniu, mianowicie: orzeczenie o sposobie korzystania z tego mieszkania przez czas wsp\u00f3lnego w nim zamieszkiwania rozwiedzionych ma\u0142\u017conk\u00f3w, orzeczenie o eksmisji jednego z\u2026 <a class=\"wp-block-latest-posts__read-more\" href=\"https:\/\/separacja.pl\/news\/rozstrzygniecia-o-wspolnym-mieszkaniu\/\" rel=\"noopener noreferrer\">Dowiedz si\u0119 wi\u0119cej<span class=\"screen-reader-text\">: Rozstrzygni\u0119cia o wsp\u00f3lnym mieszkaniu<\/span><\/a><\/div><\/li>\n<li><a class=\"wp-block-latest-posts__post-title\" href=\"https:\/\/separacja.pl\/news\/niebieska-karta-podstawowe-informacje\/\">Niebieska karta \u2013 podstawowe informacje<\/a><time datetime=\"2023-11-04T11:40:00+01:00\" class=\"wp-block-latest-posts__post-date\">2023-11-04<\/time><div class=\"wp-block-latest-posts__post-excerpt\">Niebieska karta to nazwa procedury przeciwdzia\u0142ania przemocy domowej. W przypadku powzi\u0119cia w toku prowadzonych czynno\u015bci s\u0142u\u017cbowych lub zawodowych podejrzenia stosowania przemocy wobec os\u00f3b doznaj\u0105cych przemocy domowej lub w wyniku zg\u0142oszenia dokonanego przez \u015bwiadka przemocy domowej nast\u0119puje wszcz\u0119cie procedury &#8222;Niebieskie Karty&#8221; nast\u0119puje przez wype\u0142nienie formularza &#8222;Niebieska Karta. Podejmowanie interwencji w \u015brodowisku\u2026 <a class=\"wp-block-latest-posts__read-more\" href=\"https:\/\/separacja.pl\/news\/niebieska-karta-podstawowe-informacje\/\" rel=\"noopener noreferrer\">Dowiedz si\u0119 wi\u0119cej<span class=\"screen-reader-text\">: Niebieska karta \u2013 podstawowe informacje<\/span><\/a><\/div><\/li>\n<\/ul><\/div>\n\n\n\n<div class=\"wp-block-column is-style-default is-layout-flow wp-block-column-is-layout-flow\" style=\"flex-basis:20%\">\n<pre class=\"wp-block-preformatted\">MENU<\/pre>\n\n\n\n<p><\/p>\n\n\n\n<p><\/p>\n\n\n\n<li><a href=\"..\/\">strona g\u0142\u00f3wna<\/a> <\/li>\n\n<li><a href=\"..\/definicje.html\">rozw\u00f3d czy separacja?<\/a> <\/li>\n\n<li><a href=\"..\/bez.html\">separacja bez separacji<\/a> <\/li>\n\n<li><a href=\"..\/koszty.html\">koszty separacji i rozwodu<\/a> <\/li>\n\n<li><a href=\"..\/adwokat.html\">pomoc adwokata <\/a><\/li>\n\n<li><a href=\"..\/sprawa-separacja.html\">separacja, jak to wygl\u0105da w s\u0105dzie<\/a>  <\/li>\n\n<li><a href=\"..\/sprawa-rozwodowa.html\">rozw\u00f3d, jak to wygl\u0105da w s\u0105dzie<\/a>  <\/li>\n\n<li><a href=\"..\/skutki-separacji.html\">skutki separacji<\/a>  <\/li>\n\n<li><a href=\"..\/skutki-rozwodu.html\">skutki rozwodu<\/a>  <\/li>\n\n<li><a href=\"..\/alimenty.html\">alimenty<\/a>  <\/li>\n\n<li><a href=\"..\/wina.html\">wina rozk\u0142adu po\u017cycia<\/a>  <\/li>\n\n<li><a href=\"..\/rodzicielska.html\">w\u0142adza rodzicielska <\/a>  <\/li>\n\n<li><a href=\"..\/kontakty.html\">kontakty z dzieckiem <\/a>  <\/li>\n\n<li><a href=\"..\/majatek.html\">sprawy maj\u0105tkowe<\/a>  <\/li>\n\n<li><a href=\"..\/koscielny.html\">rozwody ko\u015bcielne<\/a>  <\/li>\n\n<li><a href=\"..\/przepisy.html\">obowi\u0105zuj\u0105ce przepisy<\/a>  <\/li>\n\n<li><a href=\"..\/slownik.html\">s\u0142owniczek<\/a>  <\/li>\n<li><a href=\"\/.\/news\/\">aktualno\u015bci<\/a>  <\/li>\n<li><a href=\"\/.\/news\/news\/\">news<\/a>  <\/li>\n\n\n\n<pre class=\"wp-block-preformatted\">spis aktualno\u015bci:<\/pre>\n\n\n<ul class=\"wp-block-latest-posts__list wp-elements-ced60f7c35d38ea49b51d2167227acc1 wp-block-latest-posts has-medium-font-size\"><li><a class=\"wp-block-latest-posts__post-title\" href=\"https:\/\/separacja.pl\/news\/separacja-a-prawo-do-odprawy-posmiertnej-istotne-stanowisko-wsa-w-olsztynie\/\">Separacja a prawo do odprawy po\u015bmiertnej \u2013 istotne stanowisko WSA w Olsztynie<\/a><\/li>\n<li><a class=\"wp-block-latest-posts__post-title\" href=\"https:\/\/separacja.pl\/news\/ustanowienie-rozdzielnosci-majatkowej-malzonkow-przez-sad\/\">Ustanowienie rozdzielno\u015bci maj\u0105tkowej ma\u0142\u017conk\u00f3w przez s\u0105d<\/a><\/li>\n<li><a class=\"wp-block-latest-posts__post-title\" href=\"https:\/\/separacja.pl\/news\/dlugotrwala-faktyczna-separacja-moze-usprawiedliwiac-ustanowienie-rozdzielnosci-majatkowej-przez-sad\/\">D\u0142ugotrwa\u0142a faktyczna separacja mo\u017ce usprawiedliwia\u0107 ustanowienie rozdzielno\u015bci maj\u0105tkowej przez s\u0105d<\/a><\/li>\n<li><a class=\"wp-block-latest-posts__post-title\" href=\"https:\/\/separacja.pl\/news\/zmiana-terminu-na-zlozenie-oswiadczenia-o-powrocie-do-nazwiska-po-rozwodzie\/\">Zmiana terminu na z\u0142o\u017cenie o\u015bwiadczenia o powrocie do nazwiska po rozwodzie<\/a><\/li>\n<li><a class=\"wp-block-latest-posts__post-title\" href=\"https:\/\/separacja.pl\/news\/gniazdowa-opieka-naprzemienna-rodzicow-rozwiedzionych\/\">\u201eGniazdowa\u201d opieka naprzemienna rodzic\u00f3w rozwiedzionych<\/a><\/li>\n<li><a class=\"wp-block-latest-posts__post-title\" href=\"https:\/\/separacja.pl\/news\/opieka-naprzemienna-w-swietle-orzeczenia-wsa-z-dnia-21-sierpnia-2025-r\/\">Opieka naprzemienna w \u015bwietle orzeczenia WSA z dnia 21 sierpnia 2025 r.<\/a><\/li>\n<li><a class=\"wp-block-latest-posts__post-title\" href=\"https:\/\/separacja.pl\/news\/rozwod-z-obywatelem-turcji\/\">Rozw\u00f3d z obywatelem Turcji<\/a><\/li>\n<li><a class=\"wp-block-latest-posts__post-title\" href=\"https:\/\/separacja.pl\/news\/prostsza-procedura-zmiany-nazwiska-po-rozwodzie-2\/\">Prostsza procedura zmiany nazwiska po rozwodzie<\/a><\/li>\n<li><a class=\"wp-block-latest-posts__post-title\" href=\"https:\/\/separacja.pl\/news\/prostsza-procedura-zmiany-nazwiska-po-rozwodzie\/\">Prostsza procedura zmiany nazwiska po rozwodzie<\/a><\/li>\n<li><a class=\"wp-block-latest-posts__post-title\" href=\"https:\/\/separacja.pl\/news\/renta-rodzinna-po-rozwodzie\/\">Renta rodzinna po rozwodzie<\/a><\/li>\n<li><a class=\"wp-block-latest-posts__post-title\" href=\"https:\/\/separacja.pl\/news\/rozwod-pozasadowy\/\">Rozw\u00f3d pozas\u0105dowy<\/a><\/li>\n<li><a class=\"wp-block-latest-posts__post-title\" href=\"https:\/\/separacja.pl\/news\/renta-rodzinna-po-separacji\/\">Renta rodzinna po separacji<\/a><\/li>\n<li><a class=\"wp-block-latest-posts__post-title\" href=\"https:\/\/separacja.pl\/news\/czy-umowa-miedzy-polska-rzeczapospolita-ludowa-a-republika-francuska-o-prawie-wlasciwym-jurysdykcji-i-wykonywaniu-orzeczen-w-zakresie-prawa-osobowego-i-rodzinnego-sporzadzona-w-warszawie-dnia-5\/\">Czy umowa mi\u0119dzy polsk\u0105 rzecz\u0105pospolit\u0105 ludow\u0105 a republik\u0105 francusk\u0105 o prawie w\u0142a\u015bciwym, jurysdykcji i wykonywaniu orzecze\u0144 w zakresie prawa osobowego i rodzinnego\u00a0 sporz\u0105dzon\u0105 w warszawie dnia 5 kwietnia 1967 r nadal obowi\u0105zuje w sprawach rozwodowych ?<\/a><\/li>\n<li><a class=\"wp-block-latest-posts__post-title\" href=\"https:\/\/separacja.pl\/news\/powrot-do-nazwiska-panienskiego-po-rozwodzie\/\">Powr\u00f3t do nazwiska panie\u0144skiego po rozwodzie<\/a><\/li>\n<li><a class=\"wp-block-latest-posts__post-title\" href=\"https:\/\/separacja.pl\/news\/opiniodawcze-zespoly-sadowych-specjalistow-ozss\/\">Opiniodawcze zespo\u0142y s\u0105dowych specjalist\u00f3w (OZSS)<\/a><\/li>\n<li><a class=\"wp-block-latest-posts__post-title\" href=\"https:\/\/separacja.pl\/news\/zeznania-w-sprawie-o-rozwod-a-pomowienie\/\">Zeznania w sprawie o rozw\u00f3d a pom\u00f3wienie<\/a><\/li>\n<li><a class=\"wp-block-latest-posts__post-title\" href=\"https:\/\/separacja.pl\/news\/dalszy-przebieg-procedury-niebieskie-karty\/\">Dalszy przebieg procedury \u201eNiebieskie karty\u201d<\/a><\/li>\n<li><a class=\"wp-block-latest-posts__post-title\" href=\"https:\/\/separacja.pl\/news\/wszczecie-procedury-niebieskie-karty\/\">Wszcz\u0119cie procedury &#8222;Niebieskie karty&#8221;<\/a><\/li>\n<li><a class=\"wp-block-latest-posts__post-title\" href=\"https:\/\/separacja.pl\/news\/cofniecie-w-apelacji-zgody-malzonka-na-pominiecie-w-orzeczeniu-o-separacji-rozstrzygniecia-o-winie\/\">Cofni\u0119cie w apelacji zgody ma\u0142\u017conka na pomini\u0119cie w orzeczeniu o separacji rozstrzygni\u0119cia o winie<\/a><\/li>\n<li><a class=\"wp-block-latest-posts__post-title\" href=\"https:\/\/separacja.pl\/news\/separacja-a-ustanowienie-rozdzielnosci-majatkowej-przez-sad\/\">Separacja a ustanowienie rozdzielno\u015bci maj\u0105tkowej przez s\u0105d<\/a><\/li>\n<li><a class=\"wp-block-latest-posts__post-title\" href=\"https:\/\/separacja.pl\/news\/rozwod-z-obywatelem-rosji\/\">Rozw\u00f3d z obywatelem Rosji<\/a><\/li>\n<li><a class=\"wp-block-latest-posts__post-title\" href=\"https:\/\/separacja.pl\/news\/rozwod-z-obywatelem-ukrainy\/\">Rozw\u00f3d z obywatelem Ukrainy<\/a><\/li>\n<li><a class=\"wp-block-latest-posts__post-title\" href=\"https:\/\/separacja.pl\/news\/pelnomocnik-w-sprawie-o-rozwod\/\">Pe\u0142nomocnik w sprawie o rozw\u00f3d<\/a><\/li>\n<li><a class=\"wp-block-latest-posts__post-title\" href=\"https:\/\/separacja.pl\/news\/wspolne-pozycie-po-orzeczeniu-separacji\/\">Wsp\u00f3lne po\u017cycie po orzeczeniu separacji<\/a><\/li>\n<li><a class=\"wp-block-latest-posts__post-title\" href=\"https:\/\/separacja.pl\/news\/rozwod-z-obywatelem-bialorusi\/\">Rozw\u00f3d z obywatelem Bia\u0142orusi<\/a><\/li>\n<li><a class=\"wp-block-latest-posts__post-title\" href=\"https:\/\/separacja.pl\/news\/wina-za-rozklad-pozycia-a-odpowiedzialnosc-wobec-zus\/\">Wina za rozk\u0142ad po\u017cycia a odpowiedzialno\u015b\u0107 wobec ZUS<\/a><\/li>\n<li><a class=\"wp-block-latest-posts__post-title\" href=\"https:\/\/separacja.pl\/news\/uznawanie-zagranicznych-wyrokow-rozwodowych\/\">Uznawanie zagranicznych wyrok\u00f3w rozwodowych<\/a><\/li>\n<li><a class=\"wp-block-latest-posts__post-title\" href=\"https:\/\/separacja.pl\/news\/rozwody-z-obywatelami-czech-i-slowacji\/\">Rozwody z obywatelami Czech i S\u0142owacji<\/a><\/li>\n<li><a class=\"wp-block-latest-posts__post-title\" href=\"https:\/\/separacja.pl\/news\/rozstrzygniecia-o-wspolnym-mieszkaniu\/\">Rozstrzygni\u0119cia o wsp\u00f3lnym mieszkaniu<\/a><\/li>\n<li><a class=\"wp-block-latest-posts__post-title\" href=\"https:\/\/separacja.pl\/news\/niebieska-karta-podstawowe-informacje\/\">Niebieska karta \u2013 podstawowe informacje<\/a><\/li>\n<li><a class=\"wp-block-latest-posts__post-title\" href=\"https:\/\/separacja.pl\/news\/rozwod-a-podzial-platnosci-bezposrednich-z-unii-europejskiej\/\">Rozw\u00f3d a podzia\u0142 p\u0142atno\u015bci bezpo\u015brednich z Unii Europejskiej<\/a><\/li>\n<li><a class=\"wp-block-latest-posts__post-title\" href=\"https:\/\/separacja.pl\/news\/sprzecznosc-regulacji-o-sankcji-pienieznej-za-naruszenie-obowiazkow-w-przedmiocie-kontaktow-z-dzieckiem-z-konstytucja-rp\/\">Sprzeczno\u015b\u0107 regulacji o sankcji pieni\u0119\u017cnej za naruszenie obowi\u0105zk\u00f3w w przedmiocie kontakt\u00f3w z dzieckiem z Konstytucj\u0105 RP<\/a><\/li>\n<li><a class=\"wp-block-latest-posts__post-title\" href=\"https:\/\/separacja.pl\/news\/konsekwencje-cofniecia-w-apelacji-zgody-malzonka-na-orzeczenie-separacji-bez-orzekania-o-winie\/\">Konsekwencje cofni\u0119cia w apelacji zgody ma\u0142\u017conka na orzeczenie separacji bez orzekania o winie<\/a><\/li>\n<li><a class=\"wp-block-latest-posts__post-title\" href=\"https:\/\/separacja.pl\/news\/obowiazek-orzekania-o-wspolnym-mieszkaniu-malzonkow\/\">Obowi\u0105zek orzekania o wsp\u00f3lnym mieszkaniu ma\u0142\u017conk\u00f3w<\/a><\/li>\n<li><a class=\"wp-block-latest-posts__post-title\" href=\"https:\/\/separacja.pl\/news\/czy-pozostawanie-w-konkubinacie-przez-jednego-z-bylych-malzonkow-zwalnia-drugiego-z-obowiazku-alimentacyjnego\/\">Czy pozostawanie w konkubinacie przez jednego z by\u0142ych ma\u0142\u017conk\u00f3w zwalnia drugiego z obowi\u0105zku alimentacyjnego?<\/a><\/li>\n<li><a class=\"wp-block-latest-posts__post-title\" href=\"https:\/\/separacja.pl\/news\/podwyzszenie-alimentow-w-sprawie-o-rozwod-przed-ii-instancja\/\">Podwy\u017cszenie aliment\u00f3w w sprawie o rozw\u00f3d przed II instancj\u0105<\/a><\/li>\n<li><a class=\"wp-block-latest-posts__post-title\" href=\"https:\/\/separacja.pl\/news\/konstytucyjne-prawo-do-dwoch-instancji-w-sprawach-o-rozwod\/\">Konstytucyjne prawo do dw\u00f3ch instancji w sprawach o rozw\u00f3d<\/a><\/li>\n<li><a class=\"wp-block-latest-posts__post-title\" href=\"https:\/\/separacja.pl\/news\/zmiana-nazwiska-malzonka-po-rozwodzie\/\">Zmiana nazwiska ma\u0142\u017conka po rozwodzie<\/a><\/li>\n<li><a class=\"wp-block-latest-posts__post-title\" href=\"https:\/\/separacja.pl\/news\/rozwody-z-zsrs\/\">Rozwody z ZSRS<\/a><\/li>\n<li><a class=\"wp-block-latest-posts__post-title\" href=\"https:\/\/separacja.pl\/news\/ustalenie-w-sprawie-o-rozwod-winy-malzonka-ktory-nie-zostal-uznany-za-winnego-we-wczesniejszej-sprawie-o-separacje\/\">Ustalenie w sprawie o rozw\u00f3d winy ma\u0142\u017conka, kt\u00f3ry nie zosta\u0142 uznany za winnego we wcze\u015bniejszej sprawie o separacj\u0119<\/a><\/li>\n<li><a class=\"wp-block-latest-posts__post-title\" href=\"https:\/\/separacja.pl\/news\/instytucja-separacji-w-prawie-polskim-na-tle-rozwiazan-europejskich\/\">Instytucja separacji w prawie polskim na tle rozwi\u0105za\u0144 europejskich<\/a><\/li>\n<li><a class=\"wp-block-latest-posts__post-title\" href=\"https:\/\/separacja.pl\/news\/pomoc-malzonkowi-w-separacji-wzgledy-slusznosci\/\">Pomoc ma\u0142\u017conkowi w separacji &#8211; wzgl\u0119dy s\u0142uszno\u015bci<\/a><\/li>\n<li><a class=\"wp-block-latest-posts__post-title\" href=\"https:\/\/separacja.pl\/news\/separacja-z-winy-malzonka-jako-podstawa-do-wylaczenia-go-od-dziedziczenia-ustawowego-po-zmarlym-wspolmalzonku\/\">Separacja z winy ma\u0142\u017conka jako podstawa do wy\u0142\u0105czenia go od dziedziczenia ustawowego po zmar\u0142ym wsp\u00f3\u0142ma\u0142\u017conku<\/a><\/li>\n<li><a class=\"wp-block-latest-posts__post-title\" href=\"https:\/\/separacja.pl\/news\/regulacja-art-361-k-r-o\/\">Regulacja art. 361 k.r.o.<\/a><\/li>\n<li><a class=\"wp-block-latest-posts__post-title\" href=\"https:\/\/separacja.pl\/news\/art-58-%c2%a7-2-k-r-o-orzeczenie-eksmisji-wobec-jednego-z-malzonkow-w-wyroku-rozwodowym\/\">Art. 58 \u00a7 2 k.r.o.- orzeczenie eksmisji wobec jednego z ma\u0142\u017conk\u00f3w w wyroku rozwodowym<\/a><\/li>\n<li><a class=\"wp-block-latest-posts__post-title\" href=\"https:\/\/separacja.pl\/news\/przesluchanie-stron-w-sprawie-o-rozwod-lub-separacje\/\">Przes\u0142uchanie stron w sprawie o rozw\u00f3d lub separacj\u0119<\/a><\/li>\n<li><a class=\"wp-block-latest-posts__post-title\" href=\"https:\/\/separacja.pl\/news\/eksmisja-agresywnego-malzonka-z-mieszkania\/\">Eksmisja agresywnego ma\u0142\u017conka z mieszkania<\/a><\/li>\n<li><a class=\"wp-block-latest-posts__post-title\" href=\"https:\/\/separacja.pl\/news\/czy-mozna-uznac-zagraniczny-wyrok-rozwodowy-gdy-brak-jest-orzeczenia-o-winie\/\">Czy mo\u017cna uzna\u0107 zagraniczny wyrok rozwodowy, gdy brak jest orzeczenia o winie?<\/a><\/li>\n<li><a class=\"wp-block-latest-posts__post-title\" href=\"https:\/\/separacja.pl\/news\/prawo-wlasciwe-w-sprawach-rozwodowych\/\">Prawo w\u0142a\u015bciwe w sprawach rozwodowych<\/a><\/li>\n<li><a class=\"wp-block-latest-posts__post-title\" href=\"https:\/\/separacja.pl\/news\/oplaty-rozwodowe\/\">Op\u0142aty rozwodowe<\/a><\/li>\n<li><a class=\"wp-block-latest-posts__post-title\" href=\"https:\/\/separacja.pl\/news\/brak-stopniowania-winy-za-rozklad-pozycia\/\">Brak stopniowania winy za rozk\u0142ad po\u017cycia<\/a><\/li>\n<li><a class=\"wp-block-latest-posts__post-title\" href=\"https:\/\/separacja.pl\/news\/konkubinat-to-nie-malzenstwo\/\">Konkubinat  to nie ma\u0142\u017ce\u0144stwo<\/a><\/li>\n<li><a class=\"wp-block-latest-posts__post-title\" href=\"https:\/\/separacja.pl\/news\/sprzecznosc-rozwodu-z-zasadami-wspolzycia-spolecznego-2\/\">Sprzeczno\u015b\u0107 rozwodu z zasadami wsp\u00f3\u0142\u017cycia spo\u0142ecznego<\/a><\/li>\n<li><a class=\"wp-block-latest-posts__post-title\" href=\"https:\/\/separacja.pl\/news\/brak-dorozumianych-alimentow-dla-rozwiedzionego-malzonka\/\">Brak dorozumianych aliment\u00f3w dla rozwiedzionego ma\u0142\u017conka<\/a><\/li>\n<li><a class=\"wp-block-latest-posts__post-title\" href=\"https:\/\/separacja.pl\/news\/tresc-wyroku-rozwodowego-a-porozumienie-malzonkow\/\">Tre\u015b\u0107 wyroku rozwodowego a porozumienie ma\u0142\u017conk\u00f3w<\/a><\/li>\n<li><a class=\"wp-block-latest-posts__post-title\" href=\"https:\/\/separacja.pl\/news\/kontakty-z-dzieckiem-a-dobra-osobiste\/\">Kontakty z dzieckiem a dobra osobiste<\/a><\/li>\n<li><a class=\"wp-block-latest-posts__post-title\" href=\"https:\/\/separacja.pl\/news\/powrot-dziecka-do-kraju-w-ktorym-znajduje-sie-jego-miejsce-pobytu\/\">Powr\u00f3t dziecka do kraju, w kt\u00f3rym znajduje si\u0119 jego miejsce pobytu<\/a><\/li>\n<li><a class=\"wp-block-latest-posts__post-title\" href=\"https:\/\/separacja.pl\/news\/zakazanie-rodzicom-osobistej-stycznosci-z-dzieckiem\/\">ZAKAZANIE RODZICOM OSOBISTEJ STYCZNO\u015aCI Z DZIECKIEM<\/a><\/li>\n<li><a class=\"wp-block-latest-posts__post-title\" href=\"https:\/\/separacja.pl\/news\/porozumienie-malzonkow-co-do-wladzy-rodzicielskiej-w-wyroku-rozwodowym\/\">Porozumienie ma\u0142\u017conk\u00f3w co do w\u0142adzy rodzicielskiej w wyroku rozwodowym<\/a><\/li>\n<li><a class=\"wp-block-latest-posts__post-title\" href=\"https:\/\/separacja.pl\/news\/podzial-mieszkania-do-wspolnego-korzystania-po-rozwodzie\/\">Podzia\u0142 mieszkania do wsp\u00f3lnego korzystania po rozwodzie<\/a><\/li>\n<li><a class=\"wp-block-latest-posts__post-title\" href=\"https:\/\/separacja.pl\/news\/tryb-postepowan-w-prawie-rodzinnym\/\">Tryb post\u0119powa\u0144 w prawie rodzinnym<\/a><\/li>\n<li><a class=\"wp-block-latest-posts__post-title\" href=\"https:\/\/separacja.pl\/news\/ustanie-stosunku-powinowactwa-a-prawo-odmowy-zeznan\/\">Ustanie stosunku powinowactwa a prawo odmowy zezna\u0144<\/a><\/li>\n<li><a class=\"wp-block-latest-posts__post-title\" href=\"https:\/\/separacja.pl\/news\/opieka-naprzemienna-i-jej-wplyw-na-500\/\">Opieka naprzemienna i jej wp\u0142yw na 500+<\/a><\/li>\n<li><a class=\"wp-block-latest-posts__post-title\" href=\"https:\/\/separacja.pl\/news\/sprzecznosc-rozwodu-z-zasadami-wspolzycia-spolecznego\/\">Sprzeczno\u015b\u0107 rozwodu z zasadami wsp\u00f3\u0142\u017cycia spo\u0142ecznego<\/a><\/li>\n<li><a class=\"wp-block-latest-posts__post-title\" href=\"https:\/\/separacja.pl\/news\/dobrowolne-dostarczanie-srodkow-utrzymania-przez-jednego-z-malzonkow-pozostajacych-w-separacji-jako-podstawa-do-nabycia-renty-rodzinnej\/\">Dobrowolne dostarczanie \u015brodk\u00f3w utrzymania przez jednego z ma\u0142\u017conk\u00f3w pozostaj\u0105cych w separacji jako podstawa do nabycia renty rodzinnej<\/a><\/li>\n<li><a class=\"wp-block-latest-posts__post-title\" href=\"https:\/\/separacja.pl\/news\/orzekanie-o-winie-w-rozkladzie-pozycia-w-przypadku-choroby-psychicznej-malzonka\/\">Orzekanie o winie w rozk\u0142adzie po\u017cycia w przypadku choroby psychicznej ma\u0142\u017conka<\/a><\/li>\n<li><a class=\"wp-block-latest-posts__post-title\" href=\"https:\/\/separacja.pl\/news\/orzekanie-o-winie-w-drugiej-instancji\/\">Orzekanie o winie w drugiej instancji<\/a><\/li>\n<li><a class=\"wp-block-latest-posts__post-title\" href=\"https:\/\/separacja.pl\/news\/orzekanie-o-winie-rozkladu-pozycia\/\">Orzekanie o winie rozk\u0142adu po\u017cycia<\/a><\/li>\n<li><a class=\"wp-block-latest-posts__post-title\" href=\"https:\/\/separacja.pl\/news\/renta-po-zmarlym-malzonku-w-przypadku-separacji\/\">Renta po zmar\u0142ym ma\u0142\u017conku w przypadku separacji<\/a><\/li>\n<li><a class=\"wp-block-latest-posts__post-title\" href=\"https:\/\/separacja.pl\/news\/zmiana-nazwiska-po-rozwodzie\/\">Zmiana nazwiska po rozwodzie<\/a><\/li>\n<li><a class=\"wp-block-latest-posts__post-title\" href=\"https:\/\/separacja.pl\/news\/cofniecie-zgody-na-rozwod-bez-orzekania-o-winie-w-ii-instancji\/\">Cofni\u0119cie zgody na rozw\u00f3d bez orzekania o winie w II instancji<\/a><\/li>\n<li><a class=\"wp-block-latest-posts__post-title\" href=\"https:\/\/separacja.pl\/news\/czy-sprawa-o-rozwod-jest-sprawa-pilna\/\">Czy sprawa o rozw\u00f3d jest spraw\u0105 piln\u0105?<\/a><\/li>\n<li><a class=\"wp-block-latest-posts__post-title\" href=\"https:\/\/separacja.pl\/news\/czy-malzonek-czesciowo-ubezwlasnowolniony-posiada-zdolnosc-procesowa-w-sprawie-o-rozwod\/\">Czy ma\u0142\u017conek cz\u0119\u015bciowo ubezw\u0142asnowolniony posiada zdolno\u015b\u0107 procesow\u0105 w sprawie o\u00a0rozw\u00f3d?<\/a><\/li>\n<li><a class=\"wp-block-latest-posts__post-title\" href=\"https:\/\/separacja.pl\/news\/orzekanie-w-wyroku-orzekajacym-rozwod-malzenstwa-o-obowiazku-ponoszenia-przez-malzonkow-kosztow-utrzymania-ich-dziecka\/\">Orzekanie w wyroku orzekaj\u0105cym rozw\u00f3d ma\u0142\u017ce\u0144stwa o obowi\u0105zku ponoszenia przez ma\u0142\u017conk\u00f3w koszt\u00f3w utrzymania ich dziecka.<\/a><\/li>\n<li><a class=\"wp-block-latest-posts__post-title\" href=\"https:\/\/separacja.pl\/news\/dobro-dziecka-a-rozwod-i-separacja\/\">Dobro dziecka a rozw\u00f3d i separacja<\/a><\/li>\n<li><a class=\"wp-block-latest-posts__post-title\" href=\"https:\/\/separacja.pl\/news\/skutki-wydania-postanowienia-o-zniesieniu-separacji\/\">Skutki wydania postanowienia o zniesieniu separacji.<\/a><\/li>\n<li><a class=\"wp-block-latest-posts__post-title\" href=\"https:\/\/separacja.pl\/news\/wylaczenie-zasady-jawnosci-postepowania-w-sprawach-malzenskich\/\">Wy\u0142\u0105czenie zasady jawno\u015bci post\u0119powania w sprawach ma\u0142\u017ce\u0144skich<\/a><\/li>\n<li><a class=\"wp-block-latest-posts__post-title\" href=\"https:\/\/separacja.pl\/news\/mediacje\/\">Mediacje<\/a><\/li>\n<li><a class=\"wp-block-latest-posts__post-title\" href=\"https:\/\/separacja.pl\/news\/odmowa-pozycia-a-wina-rozkladu-pozycia\/\">Odmowa po\u017cycia a wina rozk\u0142adu po\u017cycia<\/a><\/li>\n<li><a class=\"wp-block-latest-posts__post-title\" href=\"https:\/\/separacja.pl\/news\/zmiana-religii-a-wina-rozkladu-pozycia\/\">Zmiana religii a wina rozk\u0142adu po\u017cycia<\/a><\/li>\n<li><a class=\"wp-block-latest-posts__post-title\" href=\"https:\/\/separacja.pl\/news\/13-2\/\">ODMOWA ZGODY NA ROZW\u00d3D<\/a><\/li>\n<\/ul><\/div>\n<\/div>\n\n\n\n<p><\/p>\n","protected":false},"excerpt":{"rendered":"<p>Aktualno\u015bci prawnicze dotycz\u0105ce rozwod\u00f3w i separacji MENU strona g\u0142\u00f3wna rozw\u00f3d czy separacja? separacja bez separacji koszty separacji i rozwodu pomoc adwokata separacja, jak to wygl\u0105da w s\u0105dzie rozw\u00f3d, jak to wygl\u0105da w s\u0105dzie skutki separacji skutki rozwodu alimenty wina rozk\u0142adu po\u017cycia w\u0142adza rodzicielska kontakty z dzieckiem sprawy maj\u0105tkowe rozwody ko\u015bcielne obowi\u0105zuj\u0105ce przepisy s\u0142owniczek aktualno\u015bci news [&hellip;]<\/p>\n","protected":false},"author":1,"featured_media":0,"parent":0,"menu_order":0,"comment_status":"closed","ping_status":"open","template":"","meta":{"footnotes":""},"class_list":["post-2","page","type-page","status-publish","hentry"],"_links":{"self":[{"href":"https:\/\/separacja.pl\/news\/wp-json\/wp\/v2\/pages\/2","targetHints":{"allow":["GET"]}}],"collection":[{"href":"https:\/\/separacja.pl\/news\/wp-json\/wp\/v2\/pages"}],"about":[{"href":"https:\/\/separacja.pl\/news\/wp-json\/wp\/v2\/types\/page"}],"author":[{"embeddable":true,"href":"https:\/\/separacja.pl\/news\/wp-json\/wp\/v2\/users\/1"}],"replies":[{"embeddable":true,"href":"https:\/\/separacja.pl\/news\/wp-json\/wp\/v2\/comments?post=2"}],"version-history":[{"count":28,"href":"https:\/\/separacja.pl\/news\/wp-json\/wp\/v2\/pages\/2\/revisions"}],"predecessor-version":[{"id":293,"href":"https:\/\/separacja.pl\/news\/wp-json\/wp\/v2\/pages\/2\/revisions\/293"}],"wp:attachment":[{"href":"https:\/\/separacja.pl\/news\/wp-json\/wp\/v2\/media?parent=2"}],"curies":[{"name":"wp","href":"https:\/\/api.w.org\/{rel}","templated":true}]}}